{"version":"1.0","provider_name":"ceramica.info","provider_url":"https:\/\/www.ceramica.info\/fr\/","author_name":"Valentina Pellati","author_url":"https:\/\/www.ceramica.info\/fr\/author\/vpellaticonfindustriaceramica-it\/","title":"L\u2019architecture circulaire","type":"rich","width":600,"height":338,"html":"<blockquote class=\"wp-embedded-content\" data-secret=\"64Lnms912H\"><a href=\"https:\/\/www.ceramica.info\/fr\/articoli\/larchitecture-circulaire\/\">L\u2019architecture circulaire<\/a><\/blockquote><iframe sandbox=\"allow-scripts\" security=\"restricted\" src=\"https:\/\/www.ceramica.info\/fr\/articoli\/larchitecture-circulaire\/embed\/#?secret=64Lnms912H\" width=\"600\" height=\"338\" title=\"\u00ab\u00a0L\u2019architecture circulaire\u00a0\u00bb &#8212; ceramica.info\" data-secret=\"64Lnms912H\" frameborder=\"0\" marginwidth=\"0\" marginheight=\"0\" scrolling=\"no\" class=\"wp-embedded-content\"><\/iframe><script type=\"text\/javascript\">\n\/* <![CDATA[ *\/\n\/*! This file is auto-generated *\/\n!function(d,l){\"use strict\";l.querySelector&&d.addEventListener&&\"undefined\"!=typeof URL&&(d.wp=d.wp||{},d.wp.receiveEmbedMessage||(d.wp.receiveEmbedMessage=function(e){var t=e.data;if((t||t.secret||t.message||t.value)&&!\/[^a-zA-Z0-9]\/.test(t.secret)){for(var s,r,n,a=l.querySelectorAll('iframe[data-secret=\"'+t.secret+'\"]'),o=l.querySelectorAll('blockquote[data-secret=\"'+t.secret+'\"]'),c=new RegExp(\"^https?:$\",\"i\"),i=0;i<o.length;i++)o[i].style.display=\"none\";for(i=0;i<a.length;i++)s=a[i],e.source===s.contentWindow&&(s.removeAttribute(\"style\"),\"height\"===t.message?(1e3<(r=parseInt(t.value,10))?r=1e3:~~r<200&&(r=200),s.height=r):\"link\"===t.message&&(r=new URL(s.getAttribute(\"src\")),n=new URL(t.value),c.test(n.protocol))&&n.host===r.host&&l.activeElement===s&&(d.top.location.href=t.value))}},d.addEventListener(\"message\",d.wp.receiveEmbedMessage,!1),l.addEventListener(\"DOMContentLoaded\",function(){for(var e,t,s=l.querySelectorAll(\"iframe.wp-embedded-content\"),r=0;r<s.length;r++)(t=(e=s[r]).getAttribute(\"data-secret\"))||(t=Math.random().toString(36).substring(2,12),e.src+=\"#?secret=\"+t,e.setAttribute(\"data-secret\",t)),e.contentWindow.postMessage({message:\"ready\",secret:t},\"*\")},!1)))}(window,document);\n\/* ]]> *\/\n<\/script>\n","thumbnail_url":"https:\/\/www.ceramica.info\/cerinfo-content\/uploads\/2024\/06\/Carlo-Ratti_Curatore-Biennale-Architettura-2025_Photo-by-Andrea-Avezzu_4196.jpg","thumbnail_width":835,"thumbnail_height":515,"description":"CRA-Carlo Ratti Associati s'occupe d'architecture, de d\u00e9veloppement urbain et de design en abordant les travaux \u00e0 plusieurs \u00e9chelles, des plans directeurs \u00e0 la conception de produit. Les projets brouillent les fronti\u00e8res entre le naturel et l'artificiel et exp\u00e9rimentent de nouveaux mat\u00e9riaux et de nouvelles m\u00e9thodes de construction tout en r\u00e9servant une attention particuli\u00e8re \u00e0 l'\u00e9conomie circulaire"}